{"id":851,"date":"2023-02-08T10:39:06","date_gmt":"2023-02-08T08:39:06","guid":{"rendered":"http:\/\/www.commtechist.com\/?page_id=851"},"modified":"2023-02-08T10:44:52","modified_gmt":"2023-02-08T08:44:52","slug":"automotive","status":"publish","type":"page","link":"http:\/\/www.commtechist.com\/tr_TR\/commtech-akademi\/automotive\/","title":{"rendered":"Otomotiv"},"content":{"rendered":"<p><a href=\"http:\/\/www.commtechist.com\/wp-content\/uploads\/2023\/02\/otomotiv.jpg\"><img loading=\"lazy\" class=\"size-full wp-image-852\" src=\"http:\/\/www.commtechist.com\/wp-content\/uploads\/2023\/02\/otomotiv.jpg\" alt=\"otomotiv\" width=\"550\" height=\"306\" srcset=\"http:\/\/www.commtechist.com\/wp-content\/uploads\/2023\/02\/otomotiv.jpg 550w, http:\/\/www.commtechist.com\/wp-content\/uploads\/2023\/02\/otomotiv-300x167.jpg 300w\" sizes=\"(max-width: 550px) 100vw, 550px\" \/><\/a><\/p>\n<p>Commtech sahip oldu\u011fu m\u00fchendislik ve teknik deneyimleri ile otomotiv alan\u0131nda da yenilik\u00e7i projelere katk\u0131 sa\u011flamakta ve dan\u0131\u015fmanl\u0131k hizmetlerini sa\u011flamaktad\u0131r. \u00d6zellikle g\u00fcvenlik, konfor ve ergonomi alanlar\u0131nda yaz\u0131l\u0131m ve donan\u0131msal anlamda tasar\u0131m ve prototip geli\u015ftirme alanlar\u0131na verdi\u011fi desteklerle sekt\u00f6r\u00fcn gelece\u011fine y\u00f6n verebilecek ad\u0131mlar\u0131 atmaktad\u0131r. Deneyimli ve yetenekli uluslararas\u0131 m\u00fchendis kadrosu ile \u00fcst d\u00fczey projelerde imzas\u0131 olan Commtech t\u00fcm projelerini sahip oldu\u011fu profesyonel proje y\u00f6netimi metodolojilerine uygun \u015fekilde uyarlamakta ve y\u00fcr\u00fctmektedir. \u00a0Dan\u0131\u015fmanl\u0131k anlam\u0131nda verdi\u011fi t\u00fcm hizmetlere uygun ve yetkin teknik ekibi ile \u00e7al\u0131\u015fmalar\u0131n\u0131 s\u00fcrd\u00fcrmeye \u00f6nem vererek ve \u00e7al\u0131\u015fmalar\u0131n\u0131 ayn\u0131 titizlikle ger\u00e7ekle\u015ftirmeye \u00f6nem veren Commtech her projesine ayn\u0131 hassasiyet ve disiplin ile yakla\u015fmaktad\u0131r.<\/p>\n<p><strong>Otomotiv Projeleri<\/strong><\/p>\n<ul>\n<li><strong>Sistematik Olarak Ayr\u0131lm\u0131\u015f Ara\u00e7 Kolonizasyonu Yoluyla Ak\u0131ll\u0131 Rota Planlamas\u0131<\/strong><\/li>\n<\/ul>\n<p>Yapay zeka tabanl\u0131 bir yaz\u0131l\u0131mla programlanan otonom rotalar\u0131\/seyahatleri, her arac\u0131n yaz\u0131l\u0131m program\u0131 taraf\u0131ndan atanan en iyi s\u0131n\u0131fland\u0131r\u0131lm\u0131\u015f koloni boyunca belirli bir s\u0131rayla ve s\u0131rayla seyahat edecek \u015fekilde sistematik bir \u015fekilde optimize edilmesi ve m\u00fckemmel bir \u015fekilde planlanmas\u0131 i\u00e7in yeni bir y\u00f6ntem olarak tan\u0131mlanabilir.<\/p>\n<ul>\n<li><strong>Ara\u00e7 \u00dczerinde Uyarlanabilir Ak\u0131ll\u0131 \u0130\u00e7 Ayd\u0131nlatma <\/strong><\/li>\n<\/ul>\n<p>S\u00fcr\u00fcc\u00fc ve yolcular\u0131n \u00f6n camda daha iyi bir vizyona sahip olmalar\u0131na yard\u0131mc\u0131 olmak ve i\u00e7 tepe ve okuma lambalar\u0131 a\u00e7\u0131kken g\u00f6zlerin kama\u015fmas\u0131n\u0131 ve g\u00f6r\u00fc\u015f da\u011f\u0131n\u0131kl\u0131\u011f\u0131n\u0131 \u00f6nlemek i\u00e7in tasarlanm\u0131\u015f olan geli\u015fmi\u015f ve entegre bir d\u0131\u015f ayd\u0131nl\u0131k alg\u0131lama ve ortam \u015fartlar\u0131na g\u00f6re i\u00e7 ayd\u0131nlatma ayarlama sistemidir.<\/p>\n<ul>\n<li><strong>Sanal Yol \u015eerit ve Uyar\u0131 Sim\u00fclasyon Sistemi<\/strong><\/li>\n<\/ul>\n<p>Asfalt\u0131 d\u00f6\u015fenmi\u015f fakat \u015ferit \u00e7izgisi olmayan t\u00fcm yollarda kendi i\u015flemci beyninde ger\u00e7ekle\u015ftirdi\u011fi hesaplamalar sonucu olu\u015fturdu\u011fu sanal \u015feritleri ilk a\u015famada monit\u00f6rleyen ard\u0131ndan bu sanal \u015ferit g\u00f6r\u00fcnt\u00fcs\u00fcn\u00fc s\u00fcr\u00fcc\u00fcn\u00fcn en do\u011fru \u015fekil ve a\u00e7\u0131dan g\u00f6rebilece\u011fi \u015fekilde ara\u00e7 cam\u0131na veya bir g\u00f6z hizas\u0131 ekran\u0131na yans\u0131tan sistemdir.<\/p>\n<ul>\n<li><strong>Risk Uyar\u0131 Sistemi<\/strong><\/li>\n<\/ul>\n<p>Risk Uyar\u0131 Sistemi standart s\u00fcr\u00fc\u015f de\u011ferlerine uygun olarak programlanm\u0131\u015f ve toplad\u0131\u011f\u0131 verileri bu standart de\u011ferler ile kar\u015f\u0131la\u015ft\u0131rarak kokpite yerle\u015ftirilmi\u015f olan g\u00f6stergeye aktaran bir mikro\u00e7ip beyinden olu\u015fmaktad\u0131r. Bu mikro\u00e7ip ara\u00e7 i\u00e7ine implemente edilmi\u015f belli ba\u015fl\u0131 sistemlerden veri toplamakta, toplanan verileri analiz ederek risk seviyesini belirlemekte, kay\u0131t alt\u0131na da alarak s\u00fcr\u00fcc\u00fcye an\u0131nda bilgi vermektedir.<\/p>\n","protected":false},"excerpt":{"rendered":"<p><a href=\"http:\/\/www.commtechist.com\/wp-content\/uploads\/2023\/02\/otomotiv.jpg\"><img loading=\"lazy\" class=\"size-full wp-image-852\" src=\"http:\/\/www.commtechist.com\/wp-content\/uploads\/2023\/02\/otomotiv.jpg\" alt=\"otomotiv\" width=\"550\" height=\"306\" srcset=\"http:\/\/www.commtechist.com\/wp-content\/uploads\/2023\/02\/otomotiv.jpg 550w, http:\/\/www.commtechist.com\/wp-content\/uploads\/2023\/02\/otomotiv-300x167.jpg 300w\" sizes=\"(max-width: 550px) 100vw, 550px\" \/><\/a><\/p>\n<p>Commtech&#8230;<\/p>\n","protected":false},"author":1,"featured_media":852,"parent":347,"menu_order":0,"comment_status":"closed","ping_status":"closed","template":"template-fullwidth.php","meta":{"spay_email":""},"_links":{"self":[{"href":"http:\/\/www.commtechist.com\/tr_TR\/wp-json\/wp\/v2\/pages\/851"}],"collection":[{"href":"http:\/\/www.commtechist.com\/tr_TR\/wp-json\/wp\/v2\/pages"}],"about":[{"href":"http:\/\/www.commtechist.com\/tr_TR\/wp-json\/wp\/v2\/types\/page"}],"author":[{"embeddable":true,"href":"http:\/\/www.commtechist.com\/tr_TR\/wp-json\/wp\/v2\/users\/1"}],"replies":[{"embeddable":true,"href":"http:\/\/www.commtechist.com\/tr_TR\/wp-json\/wp\/v2\/comments?post=851"}],"version-history":[{"count":8,"href":"http:\/\/www.commtechist.com\/tr_TR\/wp-json\/wp\/v2\/pages\/851\/revisions"}],"predecessor-version":[{"id":861,"href":"http:\/\/www.commtechist.com\/tr_TR\/wp-json\/wp\/v2\/pages\/851\/revisions\/861"}],"up":[{"embeddable":true,"href":"http:\/\/www.commtechist.com\/tr_TR\/wp-json\/wp\/v2\/pages\/347"}],"wp:featuredmedia":[{"embeddable":true,"href":"http:\/\/www.commtechist.com\/tr_TR\/wp-json\/wp\/v2\/media\/852"}],"wp:attachment":[{"href":"http:\/\/www.commtechist.com\/tr_TR\/wp-json\/wp\/v2\/media?parent=851"}],"curies":[{"name":"wp","href":"https:\/\/api.w.org\/{rel}","templated":true}]}}