{"id":684,"date":"2020-04-13T17:12:25","date_gmt":"2020-04-13T15:12:25","guid":{"rendered":"http:\/\/commtechist.com\/?page_id=684"},"modified":"2020-04-17T12:13:30","modified_gmt":"2020-04-17T10:13:30","slug":"covid-19-pandemic-safety-protocol-within-the-scope-of-occupational-health-safety","status":"publish","type":"page","link":"http:\/\/www.commtechist.com\/tr_TR\/newsroom\/covid-19-pandemic-safety-protocol-within-the-scope-of-occupational-health-safety\/","title":{"rendered":"\u0130\u015e SA\u011eLI\u011eI G\u00dcVENL\u0130\u011e\u0130 KAPSAMINDA COV\u0130D-19 PANDEM\u0130 G\u00dcVENL\u0130K PROTOKOL\u00dc"},"content":{"rendered":"<p><a href=\"http:\/\/commtechist.com\/wp-content\/uploads\/2020\/04\/covid-19.jpg\"><img loading=\"lazy\" class=\"alignnone wp-image-706\" src=\"http:\/\/commtechist.com\/wp-content\/uploads\/2020\/04\/covid-19-1024x285.jpg\" alt=\"\" width=\"640\" height=\"178\" srcset=\"http:\/\/www.commtechist.com\/wp-content\/uploads\/2020\/04\/covid-19-1024x285.jpg 1024w, http:\/\/www.commtechist.com\/wp-content\/uploads\/2020\/04\/covid-19-300x83.jpg 300w, http:\/\/www.commtechist.com\/wp-content\/uploads\/2020\/04\/covid-19-768x214.jpg 768w, http:\/\/www.commtechist.com\/wp-content\/uploads\/2020\/04\/covid-19.jpg 1330w\" sizes=\"(max-width: 640px) 100vw, 640px\" \/><\/a><\/p>\n<p><a href=\"http:\/\/commtechist.com\/wp-content\/uploads\/2020\/04\/\u0130\u015e-SA\u011eLI\u011eI-G\u00dcVENL\u0130\u011e\u0130-KAPSAMINDA-COV\u0130D-19-PANDEM\u0130-PROTOKOL\u00dc.pdf\" target=\"_blank\" rel=\"noopener noreferrer\">\u0130\u015e SA\u011eLI\u011eI G\u00dcVENL\u0130\u011e\u0130 KAPSAMINDA COV\u0130D-19 PANDEM\u0130 PROTOKOL\u00dc<\/a><\/p>\n<p>G\u00fcvenli\u011fi art\u0131rmak, verdi\u011fimiz hizmetimizden \u00e7al\u0131\u015fma \u015feklimize kadar Commtech \u0130stanbul\u2019un misyonunun temel bir par\u00e7as\u0131d\u0131r. Art\u0131k her zamankinden daha fazla, \u00e7al\u0131\u015fanlar\u0131m\u0131z\u0131, ailelerini ve topluluklar\u0131n\u0131 g\u00fcvende tutmak \u00f6nceli\u011fimizdir.<\/p>\n<p>Sahalar\u0131m\u0131z zaten sa\u011flam g\u00fcvenlik \u00f6nlemleri alm\u0131\u015f olsa da, COVID-19 \u0131\u015f\u0131\u011f\u0131nda, \u00e7al\u0131\u015fanlar\u0131m\u0131z\u0131 korudu\u011fumuz ve m\u00fc\u015fterilerimize sundu\u011fumuzdan emin olmak i\u00e7in g\u00fcvenlik protokollerimizi katlanarak art\u0131rd\u0131k. Commtech \u0130stanbul Y\u00f6netimi \u015firketin m\u00fc\u015fterileri i\u00e7in hizmetlerini g\u00fcvenli bir \u015fekilde art\u0131rmaya haz\u0131r olundu\u011fundan emin olmak i\u00e7in Global COVID-19 Pandemi Plan\u0131n\u0131n g\u00fcncellendi\u011fini payla\u015ft\u0131.<\/p>\n<p>Global COVID-19 Pandemi Plan\u0131m\u0131z\u0131, k\u00fcresel operasyonlar\u0131m\u0131zdan \u00f6\u011frendiklerimize, bu y\u0131l\u0131n ba\u015flar\u0131nda global deneyimlerimize ve Hindistan&#8217;daki 2015 H1N1 salg\u0131n\u0131 temelinde geli\u015ftirdik. Ayr\u0131ca, D\u00fcnya Sa\u011fl\u0131k \u00d6rg\u00fct\u00fc (WHO) ve Hastal\u0131k Kontrol ve \u00d6nleme Merkezleri (CDC) gibi \u00f6nde gelen devlet kurumlar\u0131 ve konsorsiyumlar\u0131ndan rehberlik de i\u00e7ermektedir.<\/p>\n<p>Plan\u0131n bir par\u00e7as\u0131 olarak, t\u00fcm COVID-19&#8217;da hizmetlerimize devam edip t\u00fcm Commtech \u0130stanbul sahalar\u0131n\u0131n uygulamas\u0131 gereken \u201cG\u00fcvenli Operasyon Protokolleri\u201d olu\u015fturduk. A\u015fa\u011f\u0131da bu \u00f6nlemlerin bir \u00f6zeti verilmi\u015ftir.<\/p>\n<p><b><img loading=\"lazy\" width=\"115\" height=\"114\" class=\"wp-image-686 alignnone\" src=\"http:\/\/commtechist.com\/wp-content\/uploads\/2020\/04\/c-users-can-commtech-appdata-local-microsoft-wind-54.png\" alt=\"C:UsersCan CommtechAppDataLocalMicrosoftWindowsINetCacheContent.Wordpicture1.png\" srcset=\"http:\/\/www.commtechist.com\/wp-content\/uploads\/2020\/04\/c-users-can-commtech-appdata-local-microsoft-wind-54.png 115w, http:\/\/www.commtechist.com\/wp-content\/uploads\/2020\/04\/c-users-can-commtech-appdata-local-microsoft-wind-54-73x73.png 73w\" sizes=\"(max-width: 115px) 100vw, 115px\" \/><\/b><\/p>\n<h3>POL\u0130T\u0130KA \/ Y\u00d6NET\u0130M<\/h3>\n<ul>\n<li>Y\u00f6netici d\u00fczeyinde kurulan kriz y\u00f6netimi ekibi ve t\u00fcm sahalarda acil m\u00fcdahale ekipleri,<\/li>\n<li>Saha haz\u0131rl\u0131\u011f\u0131n\u0131n ve teyit edilen \/ \u015f\u00fcphelenilen vakalar\u0131n g\u00fcnl\u00fck raporlanmas\u0131 ve y\u00fcksek riskli operasyonlar.<\/li>\n<li>\u0130\u015f birimleri, b\u00f6lgeler, i\u015flevler, m\u00fc\u015fteriler ve tedarik\u00e7ilerle d\u00fczenli temas noktalar\u0131.<\/li>\n<li>Yeniden ba\u015flatmadan \u00f6nce protokollerin yerinde oldu\u011funu do\u011frulamak i\u00e7in uzaktan kan\u0131ta dayal\u0131 kontroller.<\/li>\n<\/ul>\n<p><img loading=\"lazy\" width=\"118\" height=\"118\" class=\"wp-image-687\" src=\"http:\/\/commtechist.com\/wp-content\/uploads\/2020\/04\/c-users-can-commtech-appdata-local-microsoft-wind-55.png\" alt=\"C:UsersCan CommtechAppDataLocalMicrosoftWindowsINetCacheContent.Wordpicture2.png\" srcset=\"http:\/\/www.commtechist.com\/wp-content\/uploads\/2020\/04\/c-users-can-commtech-appdata-local-microsoft-wind-55.png 118w, http:\/\/www.commtechist.com\/wp-content\/uploads\/2020\/04\/c-users-can-commtech-appdata-local-microsoft-wind-55-73x73.png 73w\" sizes=\"(max-width: 118px) 100vw, 118px\" \/><\/p>\n<h3>\u00d6N\u0130ZLEME<\/h3>\n<ul>\n<li>\u00a0T\u00fcm \u00e7al\u0131\u015fanlar i\u00e7in g\u00fcnl\u00fck dijital sa\u011fl\u0131k de\u011ferlendirme anketi de dahil olmak \u00fczere \u00e7al\u0131\u015fanlar ve ziyaret\u00e7iler i\u00e7in sa\u011fl\u0131k ve risk taramalar\u0131<\/li>\n<li>Belirtileri olan, COVID-19 vakalar\u0131na maruz kalan veya son 21 g\u00fcn i\u00e7inde seyahat eden \u00e7al\u0131\u015fanlar i\u00e7in s\u0131n\u0131rl\u0131 eri\u015fim<\/li>\n<li>Temass\u0131z termometre kontrolleri ve s\u0131n\u0131rl\u0131 kap\u0131 giri\u015f noktalar\u0131<\/li>\n<\/ul>\n<p><img loading=\"lazy\" width=\"118\" height=\"118\" class=\"wp-image-688\" src=\"http:\/\/commtechist.com\/wp-content\/uploads\/2020\/04\/c-users-can-commtech-appdata-local-microsoft-wind-56.png\" alt=\"C:UsersCan CommtechAppDataLocalMicrosoftWindowsINetCacheContent.Wordpicture3.png\" srcset=\"http:\/\/www.commtechist.com\/wp-content\/uploads\/2020\/04\/c-users-can-commtech-appdata-local-microsoft-wind-56.png 118w, http:\/\/www.commtechist.com\/wp-content\/uploads\/2020\/04\/c-users-can-commtech-appdata-local-microsoft-wind-56-73x73.png 73w\" sizes=\"(max-width: 118px) 100vw, 118px\" \/><\/p>\n<h3>SOSYAL MESAFE \/ KKD<\/h3>\n<ul>\n<li>\u00a0\u00c7al\u0131\u015fanlar i\u00e7in alt\u0131 metrelik ayr\u0131l\u0131k mesafesini s\u00fcrd\u00fcrmek ve bu protokol\u00fc i\u015faretler, posterler, yerdeki i\u015faretler ile g\u00fc\u00e7lendirmek<\/li>\n<li>Vardiya ba\u015flang\u0131\u00e7 \u200b\u200bzamanlar\u0131n\u0131 ve molalar\u0131n\u0131 etiketlemek<\/li>\n<li>Fiziksel engelleri kullanmak<\/li>\n<li>Evden \u00e7al\u0131\u015fma ve y\u00fcz y\u00fcze toplant\u0131lar\u0131 s\u0131n\u0131rlama<\/li>\n<li>\u00c7al\u0131\u015fan KKD envanteri<\/li>\n<\/ul>\n<p><img loading=\"lazy\" width=\"118\" height=\"119\" class=\"wp-image-690\" src=\"http:\/\/commtechist.com\/wp-content\/uploads\/2020\/04\/c-users-can-commtech-appdata-local-microsoft-wind-58.png\" alt=\"C:UsersCan CommtechAppDataLocalMicrosoftWindowsINetCacheContent.Wordpicture4.png\" srcset=\"http:\/\/www.commtechist.com\/wp-content\/uploads\/2020\/04\/c-users-can-commtech-appdata-local-microsoft-wind-58.png 118w, http:\/\/www.commtechist.com\/wp-content\/uploads\/2020\/04\/c-users-can-commtech-appdata-local-microsoft-wind-58-73x73.png 73w\" sizes=\"(max-width: 118px) 100vw, 118px\" \/><\/p>\n<h3>TEM\u0130ZL\u0130K \/ DEZENFEKS\u0130YON<\/h3>\n<ul>\n<li>\u00a0Y\u00fcksek temas alanlar\u0131n\u0131n her \u00fc\u00e7 saatte bir g\u00fcnl\u00fck temizli\u011fi, vardiyalardan \u00f6nce ve sonra temizlenen i\u015f istasyonlar\u0131<\/li>\n<li>T\u00fcm alan dezenfeksiyonu yapan profesyonel temizleyiciler<\/li>\n<li>Art\u0131r\u0131lan el y\u0131kama ve dezenfektan istasyonlar\u0131<\/li>\n<\/ul>\n<p><img loading=\"lazy\" width=\"118\" height=\"119\" class=\"wp-image-691\" src=\"http:\/\/commtechist.com\/wp-content\/uploads\/2020\/04\/c-users-can-commtech-appdata-local-microsoft-wind-59.png\" alt=\"C:UsersCan CommtechAppDataLocalMicrosoftWindowsINetCacheContent.Wordpicture5.png\" srcset=\"http:\/\/www.commtechist.com\/wp-content\/uploads\/2020\/04\/c-users-can-commtech-appdata-local-microsoft-wind-59.png 118w, http:\/\/www.commtechist.com\/wp-content\/uploads\/2020\/04\/c-users-can-commtech-appdata-local-microsoft-wind-59-73x73.png 73w\" sizes=\"(max-width: 118px) 100vw, 118px\" \/><\/p>\n<h3>\u0130LET\u0130\u015e\u0130M \/ E\u011e\u0130T\u0130M \/ \u00c7ALI\u015eMA<\/h3>\n<ul>\n<li>El y\u0131kama ve hijyen ile ilgili en iyi uygulamalar ve KKD&#8217;lerin do\u011fru \u015fekilde nas\u0131l giyilece\u011fi ve imha edilmesi dahil t\u00fcm protokoller hakk\u0131nda saha d\u00fczeyinde e\u011fitim ve Soru-Cevap<\/li>\n<li>Genel bilgileri, fiziksel mesafeyi, evde al\u0131nacak g\u00fcvenlik \u00f6nlemlerini vb. bildiren posterler.<\/li>\n<li>Birden fazla ileti\u015fim kanal\u0131 kullanan \u00e7al\u0131\u015fanlara d\u00fczenli g\u00fcncellemeler<\/li>\n<\/ul>\n<p><img loading=\"lazy\" width=\"118\" height=\"119\" class=\"wp-image-692\" src=\"http:\/\/commtechist.com\/wp-content\/uploads\/2020\/04\/c-users-can-commtech-appdata-local-microsoft-wind-60.png\" alt=\"C:UsersCan CommtechAppDataLocalMicrosoftWindowsINetCacheContent.Wordpicture6.png\" srcset=\"http:\/\/www.commtechist.com\/wp-content\/uploads\/2020\/04\/c-users-can-commtech-appdata-local-microsoft-wind-60.png 118w, http:\/\/www.commtechist.com\/wp-content\/uploads\/2020\/04\/c-users-can-commtech-appdata-local-microsoft-wind-60-73x73.png 73w\" sizes=\"(max-width: 118px) 100vw, 118px\" \/><\/p>\n<h3>VAKA YANITI<\/h3>\n<ul>\n<li>Semptomlar\u0131, COVID-19&#8217;a maruz kalmay\u0131 ve \u015f\u00fcpheli vakalar\u0131 bildirme k\u0131lavuzu<\/li>\n<li>Bir \u00e7al\u0131\u015fan i\u015fyerinde belirtileri rapor ederse veya pozitif test ederse m\u00fcdahale plan\u0131<\/li>\n<li>\u00c7al\u0131\u015fan durumunun takibi ile temas takibi \/ ev izolasyonu \/ karantina plan\u0131<\/li>\n<li>Uygun oldu\u011funda i\u015fe d\u00f6nme izni<\/li>\n<\/ul>\n<p>En iyi uygulamalar\u0131 \u00f6l\u00e7eklendirirken ve G\u00fcvenli Operasyon Plan\u0131n\u0131 i\u015fimiz genelinde uygularken, COVID-19 pandemisi sonras\u0131nda g\u00fcvenli bir \u015fekilde \u00e7al\u0131\u015fabilmemiz ve di\u011ferlerinden \u00f6\u011frenebilmemiz umuduyla s\u00fcre\u00e7lerimizi ve \u00f6\u011frendiklerimizi hareketlilik ekosistemindeki kurulu\u015flarla payla\u015f\u0131yoruz. Son birka\u00e7 hafta i\u00e7inde Commtech \u0130stanbul olarak taslak protokollerimizi olu\u015fturduk ve bir dizi tedarik\u00e7i, m\u00fc\u015fteri ve a\u015fa\u011f\u0131daki kilit ticaret organizasyonlar\u0131yla g\u00f6r\u00fc\u015fmeler ba\u015flatt\u0131k.<\/p>\n<p>\u0130\u015fletmeniz olarak Commtech \u0130stanbul\u2019un g\u00fcvenlik protokol\u00fc ve pandemi plan\u0131 hakk\u0131nda daha fazla bilgi edinmek istiyorsan\u0131z, l\u00fctfen websitemizden ve sosyal medya hesaplar\u0131m\u0131zdan bize bildirin. Bunlar ayr\u0131ca, kullan\u0131ma sundu\u011fumuz bir dizi d\u00fczenlenebilir varl\u0131\u011f\u0131 da i\u00e7ermektedir. Yeni \u00f6\u011frenmeleri ve en iyi uygulamalar\u0131 dahil ederken, plan\u0131 indirenlere g\u00fcncellenmi\u015f belgeleri de sunuyor olaca\u011f\u0131z.<\/p>\n<p>Birlikte, her zamankinden daha g\u00fc\u00e7l\u00fc \u00e7\u0131kaca\u011f\u0131z.<\/p>\n","protected":false},"excerpt":{"rendered":"<p><a href=\"http:\/\/commtechist.com\/wp-content\/uploads\/2020\/04\/covid-19.jpg\"><img loading=\"lazy\" class=\"alignnone wp-image-706\" src=\"http:\/\/commtechist.com\/wp-content\/uploads\/2020\/04\/covid-19-1024x285.jpg\" alt=\"\" width=\"640\" height=\"178\" srcset=\"http:\/\/www.commtechist.com\/wp-content\/uploads\/2020\/04\/covid-19-1024x285.jpg 1024w, http:\/\/www.commtechist.com\/wp-content\/uploads\/2020\/04\/covid-19-300x83.jpg 300w, http:\/\/www.commtechist.com\/wp-content\/uploads\/2020\/04\/covid-19-768x214.jpg 768w, http:\/\/www.commtechist.com\/wp-content\/uploads\/2020\/04\/covid-19.jpg 1330w\" sizes=\"(max-width: 640px) 100vw, 640px\" \/><\/a><\/p>\n<p><a href=\"http:\/...\n<\/p>\n","protected":false},"author":1,"featured_media":0,"parent":616,"menu_order":0,"comment_status":"closed","ping_status":"closed","template":"template-fullwidth.php","meta":{"spay_email":""},"_links":{"self":[{"href":"http:\/\/www.commtechist.com\/tr_TR\/wp-json\/wp\/v2\/pages\/684"}],"collection":[{"href":"http:\/\/www.commtechist.com\/tr_TR\/wp-json\/wp\/v2\/pages"}],"about":[{"href":"http:\/\/www.commtechist.com\/tr_TR\/wp-json\/wp\/v2\/types\/page"}],"author":[{"embeddable":true,"href":"http:\/\/www.commtechist.com\/tr_TR\/wp-json\/wp\/v2\/users\/1"}],"replies":[{"embeddable":true,"href":"http:\/\/www.commtechist.com\/tr_TR\/wp-json\/wp\/v2\/comments?post=684"}],"version-history":[{"count":44,"href":"http:\/\/www.commtechist.com\/tr_TR\/wp-json\/wp\/v2\/pages\/684\/revisions"}],"predecessor-version":[{"id":759,"href":"http:\/\/www.commtechist.com\/tr_TR\/wp-json\/wp\/v2\/pages\/684\/revisions\/759"}],"up":[{"embeddable":true,"href":"http:\/\/www.commtechist.com\/tr_TR\/wp-json\/wp\/v2\/pages\/616"}],"wp:attachment":[{"href":"http:\/\/www.commtechist.com\/tr_TR\/wp-json\/wp\/v2\/media?parent=684"}],"curies":[{"name":"wp","href":"https:\/\/api.w.org\/{rel}","templated":true}]}}