{"id":264,"date":"2017-04-18T09:01:59","date_gmt":"2017-04-18T07:01:59","guid":{"rendered":"http:\/\/www.commtechist.com\/?page_id=264"},"modified":"2017-04-18T09:12:03","modified_gmt":"2017-04-18T07:12:03","slug":"emaar-square","status":"publish","type":"page","link":"http:\/\/www.commtechist.com\/tr_TR\/ornek-projeler\/emaar-square\/","title":{"rendered":"EMAAR\u00a0SQUARE\u00a0"},"content":{"rendered":"<p><img loading=\"lazy\" class=\"alignnone size-full wp-image-265\" src=\"http:\/\/www.commtechist.com\/wp-content\/uploads\/2017\/04\/ES.jpg\" alt=\"ES\" width=\"650\" height=\"344\" srcset=\"http:\/\/www.commtechist.com\/wp-content\/uploads\/2017\/04\/ES.jpg 650w, http:\/\/www.commtechist.com\/wp-content\/uploads\/2017\/04\/ES-300x159.jpg 300w\" sizes=\"(max-width: 650px) 100vw, 650px\" \/><\/p>\n<h2>EMAAR\u00a0SQUARE<\/h2>\n<p>T\u00fcrkiye\u2019de \u0130stanbul&#8217;un Asya yakas\u0131nda yer alan bir al\u0131\u015fveri\u015f merkezi, be\u015f y\u0131ld\u0131zl\u0131 bir otel ve l\u00fcks konutlar i\u00e7eren kuzey kulesinden olu\u015fmaktad\u0131r. Emaar Square, T\u00fcrkiye&#8217;de \u00e7arp\u0131c\u0131 yeni bir ya\u015fam tarz\u0131 geli\u015fimidir. \u015eehrin zengin k\u00fclt\u00fcrel miras\u0131ndan ve ruhundan ilham alarak, bu proje b\u00f6lgede \u00f6nemli bir cazibe merkezi olmak \u00fczere ger\u00e7ekle\u015ftirilmi\u015ftir.<\/p>\n<p>Emaar Square, 1.000&#8217;in \u00fczerinde l\u00fcks konut, 180 odal\u0131 be\u015f y\u0131ld\u0131zl\u0131 Addres Otel ve birinci s\u0131n\u0131f bir al\u0131\u015fveri\u015f merkezi i\u00e7eriyor. Projenin de\u011ferli hazinesi olan Emaar Square Al\u0131\u015fveri\u015f Merkezi, \u015fehir sakinlerine rakipsiz, yakla\u015f\u0131k 5.000 ki\u015fiyi istihdam etmesi beklenen bir al\u0131\u015fveri\u015f ve e\u011flence merkezi sunmaktad\u0131r.<\/p>\n","protected":false},"excerpt":{"rendered":"<p><img loading=\"lazy\" class=\"alignnone size-full wp-image-265\" src=\"http:\/\/www.commtechist.com\/wp-content\/uploads\/2017\/04\/ES.jpg\" alt=\"ES\" width=\"650\" height=\"344\" srcset=\"http:\/\/www.commtechist.com\/wp-content\/uploads\/2017\/04\/ES.jpg 650w, http:\/\/www.commtechist.com\/wp-content\/uploads\/2017\/04\/ES-300x159.jpg 300w\" sizes=\"(max-width: 650px) 100vw, 650px\" \/><\/p>\n<h2>EMAAR\u00a0SQUARE<\/h2>\n<p>T\u00fcrkiye\u2019de \u0130stanbul&#8217;un Asya yakas\u0131nda yer alan bir al\u0131\u015fveri\u015f merkezi, &#8230;<\/p>\n","protected":false},"author":1,"featured_media":0,"parent":77,"menu_order":0,"comment_status":"closed","ping_status":"closed","template":"","meta":{"spay_email":""},"_links":{"self":[{"href":"http:\/\/www.commtechist.com\/tr_TR\/wp-json\/wp\/v2\/pages\/264"}],"collection":[{"href":"http:\/\/www.commtechist.com\/tr_TR\/wp-json\/wp\/v2\/pages"}],"about":[{"href":"http:\/\/www.commtechist.com\/tr_TR\/wp-json\/wp\/v2\/types\/page"}],"author":[{"embeddable":true,"href":"http:\/\/www.commtechist.com\/tr_TR\/wp-json\/wp\/v2\/users\/1"}],"replies":[{"embeddable":true,"href":"http:\/\/www.commtechist.com\/tr_TR\/wp-json\/wp\/v2\/comments?post=264"}],"version-history":[{"count":10,"href":"http:\/\/www.commtechist.com\/tr_TR\/wp-json\/wp\/v2\/pages\/264\/revisions"}],"predecessor-version":[{"id":276,"href":"http:\/\/www.commtechist.com\/tr_TR\/wp-json\/wp\/v2\/pages\/264\/revisions\/276"}],"up":[{"embeddable":true,"href":"http:\/\/www.commtechist.com\/tr_TR\/wp-json\/wp\/v2\/pages\/77"}],"wp:attachment":[{"href":"http:\/\/www.commtechist.com\/tr_TR\/wp-json\/wp\/v2\/media?parent=264"}],"curies":[{"name":"wp","href":"https:\/\/api.w.org\/{rel}","templated":true}]}}